{"id":7,"date":"2022-05-30T16:33:06","date_gmt":"2022-05-30T14:33:06","guid":{"rendered":"https:\/\/efis.parisnanterre.fr\/nsm\/?page_id=7"},"modified":"2025-10-09T19:23:29","modified_gmt":"2025-10-09T17:23:29","slug":"presentation-de-la-recherche","status":"publish","type":"page","link":"https:\/\/efis.parisnanterre.fr\/nsm\/","title":{"rendered":"Pr\u00e9sentation des recherches"},"content":{"rendered":"\n<h4 class=\"wp-block-heading\">Contexte <\/h4>\n\n\n\n<p>Mayotte est le d\u00e9partement le plus pauvre de France, qui souffre d&rsquo;un d\u00e9ficit important en termes d&rsquo;infrastructures et de personnels qualifi\u00e9s, notamment dans l&rsquo;\u00e9ducation. Malgr\u00e9 de nombreux efforts visant \u00e0 d\u00e9velopper le territoire et tendre vers un \u00ab\u00a0rattrapage\u00a0\u00bb par rapport \u00e0 la m\u00e9tropole et aux autres d\u00e9partements d&rsquo;outre-mer, les conditions de scolarisation ne sont pas bonnes pour tous. L&rsquo;\u00e9ducation de la jeunesse repr\u00e9sente ainsi un d\u00e9fi essentiel pour Mayotte. De nombreux enfants et jeunes n&rsquo;\u00e9tant pas scolaris\u00e9s, il s&rsquo;agit de les d\u00e9nombrer et d&rsquo;analyser plus finement leur situation.<\/p>\n\n\n\n<p>A cette fin, ce programme de recherche est r\u00e9alis\u00e9 en deux phases successives. <\/p>\n\n\n\n<h2 class=\"wp-block-heading\">N<strong>on-scolarisation et d\u00e9scolarisation \u00e0 Mayotte&nbsp;: d\u00e9nombrer et&nbsp;comprendre (2022-2023)<\/strong><\/h2>\n\n\n\n<p>La premi\u00e8re recherche \u201c<strong>N<strong>on-scolarisation et d\u00e9scolarisation \u00e0 Mayotte&nbsp;: d\u00e9nombrer et&nbsp;comprendre<\/strong>\u201d<\/strong> a \u00e9t\u00e9 r\u00e9alis\u00e9e en 2022-2023 par l\u2019\u00e9quipe <a href=\"https:\/\/efis.parisnanterre.fr\/\" target=\"_blank\" rel=\"noreferrer noopener\">Efis<\/a> \/ <a href=\"https:\/\/www.parisnanterre.fr\/unites-de-recherche\/centre-de-recherches-education-et-formation-cref\" target=\"_blank\" rel=\"noreferrer noopener\">Cref<\/a> de l&rsquo;<a href=\"https:\/\/www.parisnanterre.fr\/\" target=\"_blank\" rel=\"noreferrer noopener\">Universit\u00e9 de Paris Nanterre<\/a>.<\/p>\n\n\n<div class=\"wp-block-image is-style-default\">\n<figure class=\"alignright size-full is-resized\"><img loading=\"lazy\" decoding=\"async\" width=\"387\" height=\"78\" src=\"https:\/\/efis.parisnanterre.fr\/nsm\/wp-content\/uploads\/sites\/6\/2022\/06\/Logo-UPN.jpg\" alt=\"\" class=\"wp-image-60\" style=\"aspect-ratio:4.966101694915254;width:293px;height:auto\" srcset=\"https:\/\/efis.parisnanterre.fr\/nsm\/wp-content\/uploads\/sites\/6\/2022\/06\/Logo-UPN.jpg 387w, https:\/\/efis.parisnanterre.fr\/nsm\/wp-content\/uploads\/sites\/6\/2022\/06\/Logo-UPN-300x60.jpg 300w\" sizes=\"auto, (max-width: 387px) 100vw, 387px\" \/><figcaption><span class=\"media-credit\"><a href=\"https:\/\/efis.parisnanterre.fr\/nsm\/author\/\"><\/a> | Non-scolarisation et d\u00e9scolarisation \u00e0 Mayotte : d\u00e9nombrer et comprendre<\/span><\/figcaption><\/figure>\n<\/div>\n\n\n<p>Cette recherche a \u00e9t\u00e9 men\u00e9e principalement par le charg\u00e9 de recherche <a href=\"https:\/\/efis.parisnanterre.fr\/blog\/mathon-cecillon-tanguy\/\">Tanguy Mathon-C\u00e9cillon<\/a>, sur place \u00e0 Mayotte, sous la responsabilit\u00e9 scientifique de <a rel=\"noreferrer noopener\" href=\"https:\/\/efis.parisnanterre.fr\/blog\/seraphin-gilles\/\" target=\"_blank\">Gilles S\u00e9raphin<\/a>, et avec le soutien scientifique de <a rel=\"noreferrer noopener\" href=\"https:\/\/sage.unistra.fr\/membres\/enseignants-chercheurs\/breton-didier\/\" target=\"_blank\">Didier Breton<\/a> (Universit\u00e9 de Strasbourg), <a rel=\"noreferrer noopener\" href=\"https:\/\/efis.parisnanterre.fr\/blog\/bergonnier-dupuy-genevieve\/\" target=\"_blank\">Genevi\u00e8ve Bergonnier-Dupuy<\/a> et <a rel=\"noreferrer noopener\" href=\"https:\/\/efis.parisnanterre.fr\/blog\/avezou-boutry-virginie\/\" target=\"_blank\">Virginie Avezou-Boutry<\/a> (Universit\u00e9 de Paris Nanterre).<\/p>\n\n\n\n<p>Elle a b\u00e9n\u00e9fici\u00e9 du soutien de la Conf\u00e9d\u00e9ration des associations de protection de l&rsquo;enfance (Cnape), des Apprentis d&rsquo;Auteuil Oc\u00e9an Indien et de Mlezi Maor\u00e9\/Groupe SOS Jeunesse. <\/p>\n\n\n\n<p>Le rapport final a \u00e9t\u00e9 remis aux partenaires en f\u00e9vrier 2023 et est publi\u00e9 sur l&rsquo;adresse suivante : <strong><a href=\"https:\/\/hal.science\/hal-04183646\">https:\/\/hal.science\/hal-04183646<\/a><\/strong><\/p>\n\n\n\n<h2 class=\"wp-block-heading\"><strong>Observatoire de la non-scolarisation \u00e0 Mayotte (dernier trimestre 2025-Fin 2026)<\/strong><\/h2>\n\n\n\n<p>Le programme de recherche&nbsp;<em>Observatoire de la non-scolarisation \u00e0 Mayotte&nbsp;<\/em>fait suite a la recherche \u00ab&nbsp;Non-scolarisation et d\u00e9scolarisation \u00e0 Mayotte&nbsp;: d\u00e9nombrer et comprendre&nbsp;\u00bb, r\u00e9alis\u00e9e en 2022-2023 par l\u2019\u00e9quipe Efis \/ Cref de l\u2019UPN.&nbsp;<\/p>\n\n\n\n<p>Sous la responsabilit\u00e9 scientifique de <a href=\"https:\/\/efis.parisnanterre.fr\/blog\/seraphin-gilles\/\" target=\"_blank\" rel=\"noreferrer noopener\">Gilles S\u00e9raphin<\/a>, professeur des universit\u00e9s en sciences de l\u2019\u00e9ducation et de la formation (UPN), cette recherche est men\u00e9e principalement par <a href=\"https:\/\/efis.parisnanterre.fr\/blog\/morano-alison\/\">Alison Morano<\/a>, docteur en anthropologie, qui r\u00e9side sur le territoire et est charg\u00e9e de la collecte des donn\u00e9es sur le terrain, accompagn\u00e9e par <a href=\"https:\/\/efis.parisnanterre.fr\/blog\/sermeth-jim\/\">Jim Sermeth<\/a> et <a href=\"https:\/\/efis.parisnanterre.fr\/blog\/mathon-cecillon-tanguy\/\">Tanguy Mathon-C\u00e9cillon<\/a>, doctorants en sciences de l\u2019\u00e9ducation et de la formation \u00e0 l\u2019UPN.<\/p>\n\n\n\n<p>Un premier volet vise \u00e0 actualiser le d\u00e9nombrement de la non-scolarisation \/ non-formation \u00e0 Mayotte. Un second volet s\u2019attache ensuite \u00e0 comprendre ce que signifie&nbsp;\u00ab&nbsp;\u00eatre non scolaris\u00e9&nbsp;\u00bb \u00e0 Mayotte, en s\u2019appuyant sur des enqu\u00eates ethnographiques, nourries d\u2019observations et d\u2019entretiens avec des enfants et leurs familles. Ainsi, cette recherche se veut \u00e0 la fois quantitative et qualitative, statistique et socio-anthropologique, avec des m\u00e9thodes compl\u00e9mentaires pour d\u00e9finir le plus pr\u00e9cis\u00e9ment possible le public des enfants non-scolaris\u00e9s de Mayotte.<\/p>\n\n\n\n<p>Les objectifs de cette recherche sont&nbsp;:<\/p>\n\n\n\n<ul class=\"wp-block-list\">\n<li>Renouveler le r\u00e9seau d\u2019informations, collecter les donn\u00e9es puis actualiser les estimations concernant le nombre d\u2019enfants en \u00e2ge d\u2019obligation scolaire (3-15 ans r\u00e9volus) non scolaris\u00e9s effectivement, et les enfants en \u00e2ge de formation (16-17 ans r\u00e9volus) non form\u00e9s effectivement.<\/li>\n\n\n\n<li>\u00c9tablir une typologie des enfants non-scolaris\u00e9s, de leurs trajectoires biographiques et fournir une description et une analyse de leur vie quotidienne, notamment les activit\u00e9s au sein d\u2019associations socio-\u00e9ducatives.<\/li>\n<\/ul>\n\n\n\n<p>Cette recherche a re\u00e7u un <a href=\"https:\/\/efis.parisnanterre.fr\/nsm\/2025\/10\/09\/avis-favorable-du-comite-dethique-de-la-recherche-de-luniversite-paris-nanterre\/\">avis favorable<\/a> du comit\u00e9 d&rsquo;\u00e9thique de la recherche de l&rsquo;UPN (n\u00b0 d\u2019avis : 2025-10-5) en date du 8 octobre 2025. Dans le cadre du volet qualitatif, la <a href=\"https:\/\/efis.parisnanterre.fr\/nsm\/2025\/10\/09\/note-dinformation\/\">lettre d&rsquo;information aux participant\u00b7e\u00b7s<\/a> et le <a href=\"https:\/\/efis.parisnanterre.fr\/nsm\/2025\/10\/09\/formulaire-de-consentement-a-la-participation\/\">formulaire de consentement \u00e0 la participation<\/a> sont consultables en suivant les liens.<\/p>\n\n\n\n<p>Cette recherche b\u00e9n\u00e9ficie du soutien de la Fondation de France.<\/p>\n","protected":false},"excerpt":{"rendered":"<p>Contexte Mayotte est le d\u00e9partement le plus pauvre de France, qui souffre d&rsquo;un d\u00e9ficit important en termes d&rsquo;infrastructures et de personnels qualifi\u00e9s, notamment dans l&rsquo;\u00e9ducation. Malgr\u00e9 de nombreux efforts visant \u00e0 d\u00e9velopper le territoire et tendre vers un \u00ab\u00a0rattrapage\u00a0\u00bb par rapport \u00e0 la m\u00e9tropole et aux autres d\u00e9partements d&rsquo;outre-mer, les conditions de scolarisation ne sont&#8230;<\/p>\n","protected":false},"author":31,"featured_media":76,"parent":0,"menu_order":0,"comment_status":"closed","ping_status":"closed","template":"","meta":{"_kad_blocks_custom_css":"","_kad_blocks_head_custom_js":"","_kad_blocks_body_custom_js":"","_kad_blocks_footer_custom_js":"","_kad_post_transparent":"disable","_kad_post_title":"show","_kad_post_layout":"","_kad_post_sidebar_id":"","_kad_post_content_style":"","_kad_post_vertical_padding":"","_kad_post_feature":"","_kad_post_feature_position":"","_kad_post_header":false,"_kad_post_footer":false,"_kad_post_classname":"","footnotes":"","_links_to":"","_links_to_target":""},"coauthors":[4],"class_list":["post-7","page","type-page","status-publish","has-post-thumbnail","hentry"],"taxonomy_info":[],"featured_image_src_large":["https:\/\/efis.parisnanterre.fr\/nsm\/wp-content\/uploads\/sites\/6\/2022\/06\/Photo-enfants-mayotte-Jean-Pierre-Dalbera-1024x683.jpg",1024,683,true],"author_info":{"display_name":"","author_link":"https:\/\/efis.parisnanterre.fr\/nsm\/author\/"},"comment_info":0,"_links":{"self":[{"href":"https:\/\/efis.parisnanterre.fr\/nsm\/wp-json\/wp\/v2\/pages\/7","targetHints":{"allow":["GET"]}}],"collection":[{"href":"https:\/\/efis.parisnanterre.fr\/nsm\/wp-json\/wp\/v2\/pages"}],"about":[{"href":"https:\/\/efis.parisnanterre.fr\/nsm\/wp-json\/wp\/v2\/types\/page"}],"author":[{"embeddable":true,"href":"https:\/\/efis.parisnanterre.fr\/nsm\/wp-json\/wp\/v2\/users\/31"}],"replies":[{"embeddable":true,"href":"https:\/\/efis.parisnanterre.fr\/nsm\/wp-json\/wp\/v2\/comments?post=7"}],"version-history":[{"count":40,"href":"https:\/\/efis.parisnanterre.fr\/nsm\/wp-json\/wp\/v2\/pages\/7\/revisions"}],"predecessor-version":[{"id":304,"href":"https:\/\/efis.parisnanterre.fr\/nsm\/wp-json\/wp\/v2\/pages\/7\/revisions\/304"}],"wp:featuredmedia":[{"embeddable":true,"href":"https:\/\/efis.parisnanterre.fr\/nsm\/wp-json\/wp\/v2\/media\/76"}],"wp:attachment":[{"href":"https:\/\/efis.parisnanterre.fr\/nsm\/wp-json\/wp\/v2\/media?parent=7"}],"wp:term":[{"taxonomy":"author","embeddable":true,"href":"https:\/\/efis.parisnanterre.fr\/nsm\/wp-json\/wp\/v2\/coauthors?post=7"}],"curies":[{"name":"wp","href":"https:\/\/api.w.org\/{rel}","templated":true}]}}